{"id":12029,"date":"2022-09-23T13:11:23","date_gmt":"2022-09-23T11:11:23","guid":{"rendered":"https:\/\/algalia.com\/gl\/?page_id=12029"},"modified":"2026-01-14T14:13:26","modified_gmt":"2026-01-14T12:13:26","slug":"escola-teal","status":"publish","type":"page","link":"https:\/\/algalia.com\/gl\/programa-virada\/escola-teal\/","title":{"rendered":"VIRADA TEAL"},"content":{"rendered":"<p><\/p>\n<div class=\"entry-content\">\n<p><img decoding=\"async\" loading=\"lazy\" class=\"alignright wp-image-12182\" src=\"https:\/\/algalia.com\/wp-content\/uploads\/2022\/09\/TEAL-300x185.jpg\" alt=\"\" width=\"529\" height=\"327\" srcset=\"https:\/\/algalia.com\/wp-content\/uploads\/2022\/09\/TEAL-300x185.jpg 300w, https:\/\/algalia.com\/wp-content\/uploads\/2022\/09\/TEAL-610x376.jpg 610w, https:\/\/algalia.com\/wp-content\/uploads\/2022\/09\/TEAL.jpg 700w\" sizes=\"(max-width: 529px) 100vw, 529px\" \/><\/p>\n<p>Hai anos que as entidades de econom\u00eda social impulsan procesos organizativos de fortalecemento e transformaci\u00f3n.<\/p>\n<p>Nestes momentos, organizaci\u00f3ns de todo o mundo e de diferente tipolox\u00eda, est\u00e1n a adoptar unha novo paradigma que lles permite renovar a s\u00faa cultura organizativa para enfrontar os retos e desaf\u00edos econ\u00f3micos, sociais e ambientais.<\/p>\n<p>O paradigma Teal bas\u00e9ase no desenvolvemento de tres principios:<\/p>\n<ul>\n<li>O coidado de o\u00a0<strong>prop\u00f3sito evolutivo<\/strong> das organizaci\u00f3ns.<br \/>\nO desenvolvemento de<strong>\u00a0equipos auto xestionados<\/strong>.<br \/>\nO ansia de\u00a0<strong>plenitude<\/strong> persoal e organizacional.<\/li>\n<\/ul>\n<p>O noso comportamento organizacional est\u00e1 supeditado a diferentes niveis de consciencia. O paradigma Teal \u00e9 unha invitaci\u00f3n para facer visibles estes estados de consciencia.<\/p>\n<p>O prop\u00f3sito de <strong>VIRADA Teal<\/strong> \u00a0\u00e9 promover o desenvolvemento deste paradigma nas entidades de econom\u00eda social de Galicia.<\/p>\n<p>&nbsp;<\/p>\n<div class=\"bloques-flex clr\">\n<div class=\"card\">\n<h2><a href=\"https:\/\/algalia.com\/wp-content\/uploads\/2020\/12\/21-VIRADA-LIDERAZGO-Informaci\u00f3n-GAL.pdf\" target=\"_blank\" rel=\"noopener\">M\u00e1is informaci\u00f3n<\/a><\/h2>\n<ul class=\"contido\">\n<li>Accede a toda a informaci\u00f3n sobre o programa: <a href=\"https:\/\/algalia.com\/wp-content\/uploads\/2025\/05\/DOSSIER_VIRADA_TEAL_2025_BR-1.pdf\" target=\"_blank\" rel=\"noopener\">Dossier VIRADA TEAL 2025<\/a>.<\/li>\n<li>Escoita a <a href=\"https:\/\/www.youtube.com\/watch?v=yRoFPmD_xZ0\">Ander Mimenza<\/a>, de EDE Fundazioa e membro de VIRADA Teal 2025.<\/li>\n<\/ul>\n<\/div>\n<div class=\"card\">\n<h2><a href=\"https:\/\/algalia.com\/gl\/curso\/programa-virada-liderado-iv-edicion\/#inscripcion\">Inscrici\u00f3n<\/a><\/h2>\n<ul>\n<li>Neste momento non est\u00e1 abierto o per\u00edodo de inscripci\u00f3n.<\/li>\n<li><em>Celso G\u00e1ndara <\/em><a href=\"mailto:celso.gandara@algalia.com\">celso.gandara@algalia.com <\/a>687 87 94 12<\/li>\n<li><em>David Pereiro <\/em><a href=\"mailto:david.pereiro@algalia.com\">david.pereiro@algalia.com <\/a>687 87 94 14<\/li>\n<li><em>Miguel Barbosa <\/em><a href=\"mailto:miguel.barbosa@algalia.com\">miguel.barbosa@algalia.com <\/a>637 48 24 84<\/li>\n<\/ul>\n<\/div>\n<\/div>\n<p>&nbsp;<\/p>\n<p style=\"text-align: center;\"><strong><span class=\"OYPEnA font-feature-liga-off font-feature-clig-off font-feature-calt-off text-decoration-none text-strikethrough-none\">Este proxecto conta co respaldo da Confederaci\u00f3n Empresarial Espa\u00f1ola da Econom\u00eda Social (CEPES) <\/span><\/strong><\/p>\n<p style=\"text-align: center;\"><strong><span class=\"OYPEnA font-feature-liga-off font-feature-clig-off font-feature-calt-off text-decoration-none text-strikethrough-none\">e forma parte do programa EFESO, financiado polo Fondo Social Europeo Plus (FSE+).<\/span> <\/strong><\/p>\n<p><a href=\"https:\/\/algalia.com\/wp-content\/uploads\/2025\/05\/Tira_LOGOS.png\"><img decoding=\"async\" loading=\"lazy\" class=\"wp-image-15580 aligncenter\" src=\"https:\/\/algalia.com\/wp-content\/uploads\/2025\/05\/Tira_LOGOS.png\" alt=\"\" width=\"867\" height=\"103\" srcset=\"https:\/\/algalia.com\/wp-content\/uploads\/2025\/05\/Tira_LOGOS.png 1558w, https:\/\/algalia.com\/wp-content\/uploads\/2025\/05\/Tira_LOGOS-300x36.png 300w, https:\/\/algalia.com\/wp-content\/uploads\/2025\/05\/Tira_LOGOS-1024x122.png 1024w, https:\/\/algalia.com\/wp-content\/uploads\/2025\/05\/Tira_LOGOS-768x91.png 768w, https:\/\/algalia.com\/wp-content\/uploads\/2025\/05\/Tira_LOGOS-1536x182.png 1536w, https:\/\/algalia.com\/wp-content\/uploads\/2025\/05\/Tira_LOGOS-610x72.png 610w\" sizes=\"(max-width: 867px) 100vw, 867px\" \/><\/a><\/p>\n<\/div>\n<p><\/p>","protected":false},"excerpt":{"rendered":"<p>Hai anos que as entidades de econom\u00eda social impulsan procesos organizativos de fortalecemento e transformaci\u00f3n. Nestes momentos, organizaci\u00f3ns de todo o mundo e de diferente tipolox\u00eda, est\u00e1n a adoptar unha novo paradigma que lles permite renovar a s\u00faa cultura organizativa para enfrontar os retos e desaf\u00edos econ\u00f3micos, sociais e ambientais. O paradigma Teal bas\u00e9ase no [&hellip;]<\/p>\n","protected":false},"author":3,"featured_media":0,"parent":9264,"menu_order":0,"comment_status":"closed","ping_status":"closed","template":"template-virada-hija.php","meta":[],"_links":{"self":[{"href":"https:\/\/algalia.com\/gl\/wp-json\/wp\/v2\/pages\/12029"}],"collection":[{"href":"https:\/\/algalia.com\/gl\/wp-json\/wp\/v2\/pages"}],"about":[{"href":"https:\/\/algalia.com\/gl\/wp-json\/wp\/v2\/types\/page"}],"author":[{"embeddable":true,"href":"https:\/\/algalia.com\/gl\/wp-json\/wp\/v2\/users\/3"}],"replies":[{"embeddable":true,"href":"https:\/\/algalia.com\/gl\/wp-json\/wp\/v2\/comments?post=12029"}],"version-history":[{"count":54,"href":"https:\/\/algalia.com\/gl\/wp-json\/wp\/v2\/pages\/12029\/revisions"}],"predecessor-version":[{"id":16007,"href":"https:\/\/algalia.com\/gl\/wp-json\/wp\/v2\/pages\/12029\/revisions\/16007"}],"up":[{"embeddable":true,"href":"https:\/\/algalia.com\/gl\/wp-json\/wp\/v2\/pages\/9264"}],"wp:attachment":[{"href":"https:\/\/algalia.com\/gl\/wp-json\/wp\/v2\/media?parent=12029"}],"curies":[{"name":"wp","href":"https:\/\/api.w.org\/{rel}","templated":true}]}}